{"id":446,"date":"2024-04-29T12:13:28","date_gmt":"2024-04-29T12:13:28","guid":{"rendered":"https:\/\/webwinkel.dezillie.com\/veilleuses-votives\/"},"modified":"2025-12-05T16:48:14","modified_gmt":"2025-12-05T16:48:14","slug":"veilleuses-votives","status":"publish","type":"page","link":"https:\/\/dezillie.com\/fr\/veilleuses-votives\/","title":{"rendered":"Veilleuses votives"},"content":{"rendered":"<p>[et_pb_section fb_built=\u00a0\u00bb1&Prime; admin_label=\u00a0\u00bbsection\u00a0\u00bb _builder_version=\u00a0\u00bb4.16&Prime; global_colors_info=\u00a0\u00bb{}\u00a0\u00bb][et_pb_row _builder_version=\u00a0\u00bb4.16&Prime; global_colors_info=\u00a0\u00bb{}\u00a0\u00bb][et_pb_column type=\u00a0\u00bb4_4&Prime; _builder_version=\u00a0\u00bb4.16&Prime; custom_padding=\u00a0\u00bb|||\u00a0\u00bb global_colors_info=\u00a0\u00bb{}\u00a0\u00bb custom_padding__hover=\u00a0\u00bb|||\u00a0\u00bb][et_pb_text _builder_version=\u00a0\u00bb4.16&Prime; header_font=\u00a0\u00bb|700|||||||\u00a0\u00bb header_font_size=\u00a0\u00bb40px\u00a0\u00bb background_color=\u00a0\u00bb#e2e2e2&Prime; custom_padding=\u00a0\u00bb10px|16px|5px|16px|false|true\u00a0\u00bb border_radii=\u00a0\u00bbon|5px|5px|5px|5px\u00a0\u00bb global_colors_info=\u00a0\u00bb{}\u00a0\u00bb]<\/p>\n<h1>Veilleuses votives<\/h1>\n<p>[\/et_pb_text][\/et_pb_column][\/et_pb_row][et_pb_row make_equal=\u00a0\u00bbon\u00a0\u00bb _builder_version=\u00a0\u00bb4.16&Prime; global_colors_info=\u00a0\u00bb{}\u00a0\u00bb column_structure=\u00a0\u00bb1_2,1_2&Prime;][et_pb_column type=\u00a0\u00bb1_2&Prime; _builder_version=\u00a0\u00bb4.16&Prime; custom_padding=\u00a0\u00bb|||\u00a0\u00bb global_colors_info=\u00a0\u00bb{}\u00a0\u00bb custom_padding__hover=\u00a0\u00bb|||\u00a0\u00bb][et_pb_blurb title=\u00a0\u00bbDL1 ALU\u00a0\u00bb image=\u00a0\u00bbhttps:\/\/dezillie.com\/wp-content\/uploads\/2024\/04\/dezillietheelicht_220_192.jpg\u00a0\u00bb image_icon_width=\u00a0\u00bb80%\u00a0\u00bb _builder_version=\u00a0\u00bb4.16&Prime; background_color=\u00a0\u00bb#dddddd\u00a0\u00bb custom_padding=\u00a0\u00bb41px|35px|41px|35px|true|false\u00a0\u00bb border_radii=\u00a0\u00bbon|4px|4px|4px|4px\u00a0\u00bb image_max_width=\u00a0\u00bb80%\u00a0\u00bb global_colors_info=\u00a0\u00bb{}\u00a0\u00bb min_height=\u00a0\u00bb362px\u00a0\u00bb]<\/p>\n<div><span>Hauteur : 19 mm.<\/span><\/div>\n<div><span>Diam\u00e8tre : 39 mm.<\/span><\/div>\n<div><span>Dur\u00e9e : 4 hr.<\/span><\/div>\n<p>[\/et_pb_blurb][et_pb_blurb title=\u00a0\u00bbDL4&Prime; image=\u00a0\u00bbhttps:\/\/dezillie.com\/wp-content\/uploads\/2024\/04\/dezilliedl4_174_152.jpg\u00a0\u00bb _builder_version=\u00a0\u00bb4.16&Prime; background_color=\u00a0\u00bb#dddddd\u00a0\u00bb custom_padding=\u00a0\u00bb24px|35px|24px|35px|true|false\u00a0\u00bb border_radii=\u00a0\u00bbon|4px|4px|4px|4px\u00a0\u00bb global_colors_info=\u00a0\u00bb{}\u00a0\u00bb custom_margin=\u00a0\u00bb-7px||10px|||\u00a0\u00bb min_height=\u00a0\u00bb364.2px\u00a0\u00bb]<\/p>\n<div><span>Hauteur : 46 mm.<\/span><\/div>\n<div><span>Diam\u00e8tre : 52 mm.<\/span><\/div>\n<div><span>Dur\u00e9e : 9 hr.<\/span><\/div>\n<div><span><\/span><\/div>\n<div><strong>Courleurs : rouge, blanc, bleu, orange<\/strong><\/div>\n<p>[\/et_pb_blurb][\/et_pb_column][et_pb_column type=\u00a0\u00bb1_2&Prime; _builder_version=\u00a0\u00bb4.16&Prime; custom_padding=\u00a0\u00bb|||\u00a0\u00bb global_colors_info=\u00a0\u00bb{}\u00a0\u00bb custom_padding__hover=\u00a0\u00bb|||\u00a0\u00bb][et_pb_blurb title=\u00a0\u00bbDL3&Prime; image=\u00a0\u00bbhttps:\/\/dezillie.com\/wp-content\/uploads\/2024\/04\/dezilliedl3_176_154.jpg\u00a0\u00bb _builder_version=\u00a0\u00bb4.16&Prime; background_color=\u00a0\u00bb#dddddd\u00a0\u00bb custom_padding=\u00a0\u00bb28px|35px|28px|35px|true|false\u00a0\u00bb border_radii=\u00a0\u00bbon|4px|4px|4px|4px\u00a0\u00bb global_colors_info=\u00a0\u00bb{}\u00a0\u00bb]<\/p>\n<div><span>Hauteur : 37 mm.<\/span><\/div>\n<div><span>Diam\u00e8tre : 47 mm.<\/span><\/div>\n<div><span>Dur\u00e9e : 6 hr.<\/span><\/div>\n<div><span><\/span><\/div>\n<div><strong>Couleurs : rouge ,bleu, blanc, vert en orange<\/strong><\/div>\n<p>[\/et_pb_blurb][et_pb_blurb title=\u00a0\u00bbDL5&Prime; image=\u00a0\u00bbhttps:\/\/dezillie.com\/wp-content\/uploads\/2024\/04\/dezilliedl5_321_151.jpg\u00a0\u00bb _builder_version=\u00a0\u00bb4.16&Prime; background_color=\u00a0\u00bb#dddddd\u00a0\u00bb custom_padding=\u00a0\u00bb28px|35px|28px|35px|true|false\u00a0\u00bb border_radii=\u00a0\u00bbon|4px|4px|4px|4px\u00a0\u00bb global_colors_info=\u00a0\u00bb{}\u00a0\u00bb]<\/p>\n<div><span>Hauter : 64 mm.<\/span><\/div>\n<div><span>Diam\u00e8tre : 52 mm.<\/span><\/div>\n<div><span>Dur\u00e9e : 20 uur<\/span> <\/div>\n<div><\/div>\n<div><strong>Couleurs : rouge, blanc, vert, jaunes, bleu, orange<\/strong><\/div>\n<p>[\/et_pb_blurb][\/et_pb_column][\/et_pb_row][\/et_pb_section]<\/p>\n","protected":false},"excerpt":{"rendered":"<p>Veilleuses votivesHauteur : 19 mm. Diam\u00e8tre : 39 mm. Dur\u00e9e : 4 hr.Hauteur : 46 mm. Diam\u00e8tre : 52 mm. Dur\u00e9e : 9 hr. Courleurs : rouge, blanc, bleu, orangeHauteur : 37 mm. Diam\u00e8tre : 47 mm. Dur\u00e9e : 6 hr. Couleurs : rouge ,bleu, blanc, vert en orangeHauter : 64 mm. Diam\u00e8tre : 52 [&hellip;]<\/p>\n","protected":false},"author":1,"featured_media":0,"parent":0,"menu_order":0,"comment_status":"closed","ping_status":"closed","template":"","meta":{"_et_pb_use_builder":"on","_et_pb_old_content":"","_et_gb_content_width":"","footnotes":""},"class_list":["post-446","page","type-page","status-publish","hentry"],"yoast_head":"<!-- This site is optimized with the Yoast SEO plugin v26.6 - https:\/\/yoast.com\/wordpress\/plugins\/seo\/ -->\n<title>Veilleuses votives - Dezillie<\/title>\n<meta name=\"description\" content=\"D\u00e9couvrez nos veilleuses votives en diff\u00e9rentes couleurs : de qualit\u00e9, cr\u00e9ant une ambiance chaleureuse et avec une longue dur\u00e9e de combustion. Id\u00e9al pour la pri\u00e8re, la comm\u00e9moration et les rituels spirituels.\" \/>\n<meta name=\"robots\" content=\"index, follow, max-snippet:-1, max-image-preview:large, max-video-preview:-1\" \/>\n<link rel=\"canonical\" href=\"https:\/\/dezillie.com\/veilleuses-votives\/?lang=fr\" \/>\n<meta property=\"og:locale\" content=\"fr_FR\" \/>\n<meta property=\"og:type\" content=\"article\" \/>\n<meta property=\"og:title\" content=\"Veilleuses votives - Dezillie\" \/>\n<meta property=\"og:description\" content=\"D\u00e9couvrez nos veilleuses votives en diff\u00e9rentes couleurs : de qualit\u00e9, cr\u00e9ant une ambiance chaleureuse et avec une longue dur\u00e9e de combustion. Id\u00e9al pour la pri\u00e8re, la comm\u00e9moration et les rituels spirituels.\" \/>\n<meta property=\"og:url\" content=\"https:\/\/dezillie.com\/veilleuses-votives\/?lang=fr\" \/>\n<meta property=\"og:site_name\" content=\"Dezillie\" \/>\n<meta property=\"article:modified_time\" content=\"2025-12-05T16:48:14+00:00\" \/>\n<meta name=\"twitter:card\" content=\"summary_large_image\" \/>\n<meta name=\"twitter:label1\" content=\"Dur\u00e9e de lecture estim\u00e9e\" \/>\n\t<meta name=\"twitter:data1\" content=\"2 minutes\" \/>\n<script type=\"application\/ld+json\" class=\"yoast-schema-graph\">{\"@context\":\"https:\/\/schema.org\",\"@graph\":[{\"@type\":\"WebPage\",\"@id\":\"https:\/\/dezillie.com\/veilleuses-votives\/?lang=fr\",\"url\":\"https:\/\/dezillie.com\/veilleuses-votives\/?lang=fr\",\"name\":\"Veilleuses votives - Dezillie\",\"isPartOf\":{\"@id\":\"https:\/\/dezillie.com\/#website\"},\"datePublished\":\"2024-04-29T12:13:28+00:00\",\"dateModified\":\"2025-12-05T16:48:14+00:00\",\"description\":\"D\u00e9couvrez nos veilleuses votives en diff\u00e9rentes couleurs : de qualit\u00e9, cr\u00e9ant une ambiance chaleureuse et avec une longue dur\u00e9e de combustion. Id\u00e9al pour la pri\u00e8re, la comm\u00e9moration et les rituels spirituels.\",\"breadcrumb\":{\"@id\":\"https:\/\/dezillie.com\/veilleuses-votives\/?lang=fr#breadcrumb\"},\"inLanguage\":\"fr-FR\",\"potentialAction\":[{\"@type\":\"ReadAction\",\"target\":[\"https:\/\/dezillie.com\/veilleuses-votives\/?lang=fr\"]}]},{\"@type\":\"BreadcrumbList\",\"@id\":\"https:\/\/dezillie.com\/veilleuses-votives\/?lang=fr#breadcrumb\",\"itemListElement\":[{\"@type\":\"ListItem\",\"position\":1,\"name\":\"Home\",\"item\":\"https:\/\/dezillie.com\/\"},{\"@type\":\"ListItem\",\"position\":2,\"name\":\"Veilleuses votives\"}]},{\"@type\":\"WebSite\",\"@id\":\"https:\/\/dezillie.com\/#website\",\"url\":\"https:\/\/dezillie.com\/\",\"name\":\"Kaarsen Dezillie\",\"description\":\"Kaarsenfabriek Lokeren\",\"publisher\":{\"@id\":\"https:\/\/dezillie.com\/#organization\"},\"potentialAction\":[{\"@type\":\"SearchAction\",\"target\":{\"@type\":\"EntryPoint\",\"urlTemplate\":\"https:\/\/dezillie.com\/?s={search_term_string}\"},\"query-input\":{\"@type\":\"PropertyValueSpecification\",\"valueRequired\":true,\"valueName\":\"search_term_string\"}}],\"inLanguage\":\"fr-FR\"},{\"@type\":\"Organization\",\"@id\":\"https:\/\/dezillie.com\/#organization\",\"name\":\"Kaarsen Dezillie\",\"url\":\"https:\/\/dezillie.com\/\",\"logo\":{\"@type\":\"ImageObject\",\"inLanguage\":\"fr-FR\",\"@id\":\"https:\/\/dezillie.com\/#\/schema\/logo\/image\/\",\"url\":\"https:\/\/dezillie.com\/wp-content\/uploads\/2024\/04\/dezillielogo6_406_121.png\",\"contentUrl\":\"https:\/\/dezillie.com\/wp-content\/uploads\/2024\/04\/dezillielogo6_406_121.png\",\"width\":406,\"height\":121,\"caption\":\"Kaarsen Dezillie\"},\"image\":{\"@id\":\"https:\/\/dezillie.com\/#\/schema\/logo\/image\/\"}}]}<\/script>\n<!-- \/ Yoast SEO plugin. -->","yoast_head_json":{"title":"Veilleuses votives - Dezillie","description":"D\u00e9couvrez nos veilleuses votives en diff\u00e9rentes couleurs : de qualit\u00e9, cr\u00e9ant une ambiance chaleureuse et avec une longue dur\u00e9e de combustion. Id\u00e9al pour la pri\u00e8re, la comm\u00e9moration et les rituels spirituels.","robots":{"index":"index","follow":"follow","max-snippet":"max-snippet:-1","max-image-preview":"max-image-preview:large","max-video-preview":"max-video-preview:-1"},"canonical":"https:\/\/dezillie.com\/veilleuses-votives\/?lang=fr","og_locale":"fr_FR","og_type":"article","og_title":"Veilleuses votives - Dezillie","og_description":"D\u00e9couvrez nos veilleuses votives en diff\u00e9rentes couleurs : de qualit\u00e9, cr\u00e9ant une ambiance chaleureuse et avec une longue dur\u00e9e de combustion. Id\u00e9al pour la pri\u00e8re, la comm\u00e9moration et les rituels spirituels.","og_url":"https:\/\/dezillie.com\/veilleuses-votives\/?lang=fr","og_site_name":"Dezillie","article_modified_time":"2025-12-05T16:48:14+00:00","twitter_card":"summary_large_image","twitter_misc":{"Dur\u00e9e de lecture estim\u00e9e":"2 minutes"},"schema":{"@context":"https:\/\/schema.org","@graph":[{"@type":"WebPage","@id":"https:\/\/dezillie.com\/veilleuses-votives\/?lang=fr","url":"https:\/\/dezillie.com\/veilleuses-votives\/?lang=fr","name":"Veilleuses votives - Dezillie","isPartOf":{"@id":"https:\/\/dezillie.com\/#website"},"datePublished":"2024-04-29T12:13:28+00:00","dateModified":"2025-12-05T16:48:14+00:00","description":"D\u00e9couvrez nos veilleuses votives en diff\u00e9rentes couleurs : de qualit\u00e9, cr\u00e9ant une ambiance chaleureuse et avec une longue dur\u00e9e de combustion. Id\u00e9al pour la pri\u00e8re, la comm\u00e9moration et les rituels spirituels.","breadcrumb":{"@id":"https:\/\/dezillie.com\/veilleuses-votives\/?lang=fr#breadcrumb"},"inLanguage":"fr-FR","potentialAction":[{"@type":"ReadAction","target":["https:\/\/dezillie.com\/veilleuses-votives\/?lang=fr"]}]},{"@type":"BreadcrumbList","@id":"https:\/\/dezillie.com\/veilleuses-votives\/?lang=fr#breadcrumb","itemListElement":[{"@type":"ListItem","position":1,"name":"Home","item":"https:\/\/dezillie.com\/"},{"@type":"ListItem","position":2,"name":"Veilleuses votives"}]},{"@type":"WebSite","@id":"https:\/\/dezillie.com\/#website","url":"https:\/\/dezillie.com\/","name":"Kaarsen Dezillie","description":"Kaarsenfabriek Lokeren","publisher":{"@id":"https:\/\/dezillie.com\/#organization"},"potentialAction":[{"@type":"SearchAction","target":{"@type":"EntryPoint","urlTemplate":"https:\/\/dezillie.com\/?s={search_term_string}"},"query-input":{"@type":"PropertyValueSpecification","valueRequired":true,"valueName":"search_term_string"}}],"inLanguage":"fr-FR"},{"@type":"Organization","@id":"https:\/\/dezillie.com\/#organization","name":"Kaarsen Dezillie","url":"https:\/\/dezillie.com\/","logo":{"@type":"ImageObject","inLanguage":"fr-FR","@id":"https:\/\/dezillie.com\/#\/schema\/logo\/image\/","url":"https:\/\/dezillie.com\/wp-content\/uploads\/2024\/04\/dezillielogo6_406_121.png","contentUrl":"https:\/\/dezillie.com\/wp-content\/uploads\/2024\/04\/dezillielogo6_406_121.png","width":406,"height":121,"caption":"Kaarsen Dezillie"},"image":{"@id":"https:\/\/dezillie.com\/#\/schema\/logo\/image\/"}}]}},"_links":{"self":[{"href":"https:\/\/dezillie.com\/fr\/wp-json\/wp\/v2\/pages\/446","targetHints":{"allow":["GET"]}}],"collection":[{"href":"https:\/\/dezillie.com\/fr\/wp-json\/wp\/v2\/pages"}],"about":[{"href":"https:\/\/dezillie.com\/fr\/wp-json\/wp\/v2\/types\/page"}],"author":[{"embeddable":true,"href":"https:\/\/dezillie.com\/fr\/wp-json\/wp\/v2\/users\/1"}],"replies":[{"embeddable":true,"href":"https:\/\/dezillie.com\/fr\/wp-json\/wp\/v2\/comments?post=446"}],"version-history":[{"count":4,"href":"https:\/\/dezillie.com\/fr\/wp-json\/wp\/v2\/pages\/446\/revisions"}],"predecessor-version":[{"id":530,"href":"https:\/\/dezillie.com\/fr\/wp-json\/wp\/v2\/pages\/446\/revisions\/530"}],"wp:attachment":[{"href":"https:\/\/dezillie.com\/fr\/wp-json\/wp\/v2\/media?parent=446"}],"curies":[{"name":"wp","href":"https:\/\/api.w.org\/{rel}","templated":true}]}}